{"id":810,"date":"2018-08-29T17:09:42","date_gmt":"2018-08-29T20:09:42","guid":{"rendered":"https:\/\/institutoemignone-bue.infd.edu.ar\/sitio\/prof-educacion-fisica\/"},"modified":"2025-12-10T17:36:33","modified_gmt":"2025-12-10T20:36:33","slug":"prof-educacion-fisica","status":"publish","type":"page","link":"https:\/\/institutoemignone-bue.infd.edu.ar\/sitio\/prof-educacion-fisica\/","title":{"rendered":"Profesorado de Educaci\u00f3n F\u00edsica"},"content":{"rendered":"<p><img decoding=\"async\" loading=\"lazy\" class=\"alignnone size-medium wp-image-1935\" src=\"https:\/\/institutoemignone-bue.infd.edu.ar\/sitio\/wp-content\/uploads\/2023\/09\/IMG_2160-1000x358.jpeg\" alt=\"\" width=\"1000\" height=\"358\" srcset=\"https:\/\/institutoemignone-bue.infd.edu.ar\/sitio\/wp-content\/uploads\/2023\/09\/IMG_2160-1000x358.jpeg 1000w, https:\/\/institutoemignone-bue.infd.edu.ar\/sitio\/wp-content\/uploads\/2023\/09\/IMG_2160-768x275.jpeg 768w, https:\/\/institutoemignone-bue.infd.edu.ar\/sitio\/wp-content\/uploads\/2023\/09\/IMG_2160.jpeg 1233w\" sizes=\"(max-width: 1000px) 100vw, 1000px\" \/><\/p>\n<p>El Profesor de Educaci\u00f3n F\u00edsica desarrolla competencias profesionales que lo habilitan a desempe\u00f1arse en el ejercicio de la docencia de la especialidad en los distintos niveles y modalidades tanto a Nivel Provincial como Nacional. En la Educaci\u00f3n No Formal, est\u00e1 habilitado al an\u00e1lisis, desarrollo y evaluaci\u00f3n en la formaci\u00f3n integral de la o las personas a trav\u00e9s del desarrollo de su corporeidad y sociomotricidad en proyectos educativos, de promoci\u00f3n de la salud y de desarrollo comunitario tanto en instituciones p\u00fablicas como privadas.\u00a0 Posee los suficientes recursos t\u00e9cnicos y metodol\u00f3gicos que lo habilitan para participar o conducir actividades de docencia con sentido cr\u00edtico en la problem\u00e1tica que plantea la realidad e integrar su capacidad y esfuerzo profesional para\u00a0desarrollarse como emprendedor en diferentes \u00e1mbitos<\/p>\n<p><span style=\"font-family: verdana, geneva; font-size: 10pt;\"><strong><span style=\"color: #000080;\">CARRERA<\/span>: <\/strong>PROFESORADO DE EDUCACI\u00d3N F\u00cdSICA<\/span><\/p>\n<p><span style=\"font-family: verdana, geneva; font-size: 10pt;\"><strong><span style=\"color: #000080;\">T\u00cdTULO<\/span>: <\/strong><\/span><span style=\"font-family: verdana, geneva; font-size: 10pt;\">PROFESOR DE EDUCACI\u00d3N F\u00cdSICA<\/span><\/p>\n<p><span style=\"font-family: verdana, geneva; font-size: 10pt;\"><strong><span style=\"color: #000080;\">NIVEL<\/span>:<\/strong>\u00a0TERCIARIO<\/span><\/p>\n<p><span style=\"font-family: verdana, geneva; font-size: 10pt;\"><strong><span style=\"color: #000080;\">MODALIDAD<\/span>:<\/strong>\u00a0Presencial<\/span><\/p>\n<p><span style=\"font-family: verdana, geneva; font-size: 10pt;\"><strong><span style=\"color: #000080;\">DURACI\u00d3N<\/span>:<\/strong>\u00a04 a\u00f1os<\/span><\/p>\n<p><span style=\"font-family: verdana, geneva; font-size: 10pt;\"><span style=\"color: #000080;\"><strong>CANTIDAD DE HORAS:<\/strong><\/span> 3296 horas.<\/span><\/p>\n<p><span style=\"font-family: verdana, geneva; font-size: 10pt;\"><span style=\"color: #000080;\"><strong>RESOLUCI\u00d3N<\/strong>\u00a0<\/span>N\u00ba 2432\/09<\/span><\/p>\n<p><span style=\"font-family: verdana, geneva; font-size: 10pt;\"><span style=\"color: #000080;\"><strong>MODALIDAD DE CURSADA DE 1er A\u00d1O<\/strong>:<\/span> Lunes a Viernes de 13 hs. a 17 hs. o de 13 hs a 19 hs. Martes o jueves de 10 hs a 12 hs (Nataci\u00f3n)<\/span><\/p>\n<p><span style=\"font-family: verdana, geneva; font-size: 10pt; color: #000080;\"><strong>M\u00e1s Informaci\u00f3n<\/strong><\/span><\/p>\n<ul>\n<li><a href=\"http:\/\/servicios.abc.gov.ar\/lainstitucion\/organismos\/consejogeneral\/disenioscurriculares\/documentosdescarga\/res2432-09fd_educ_fisica.pdf\"><span style=\"font-family: verdana, geneva; font-size: 10pt;\">Resoluci\u00f3n<\/span><\/a><\/li>\n<li><a href=\"https:\/\/drive.google.com\/file\/d\/1kaMQ0kzhihvZDWusBhZDiWJ4lJlbXGGG\/view?usp=sharing\">Estructura<\/a><\/li>\n<\/ul>\n","protected":false},"excerpt":{"rendered":"<p>El Profesor de Educaci\u00f3n F\u00edsica desarrolla competencias profesionales que lo habilitan a desempe\u00f1arse en el ejercicio de la docencia de la especialidad en los distintos niveles y modalidades tanto a Nivel Provincial como Nacional. En la Educaci\u00f3n No Formal, est\u00e1 habilitado al an\u00e1lisis, desarrollo y evaluaci\u00f3n en la formaci\u00f3n integral de la o las personas &#8230; <a title=\"Profesorado de Educaci\u00f3n F\u00edsica\" class=\"read-more\" href=\"https:\/\/institutoemignone-bue.infd.edu.ar\/sitio\/prof-educacion-fisica\/\" aria-label=\"More on Profesorado de Educaci\u00f3n F\u00edsica\">[+]<\/a><\/p>\n","protected":false},"author":1417,"featured_media":0,"parent":0,"menu_order":0,"comment_status":"closed","ping_status":"closed","template":"","meta":[],"acf":[],"_links":{"self":[{"href":"https:\/\/institutoemignone-bue.infd.edu.ar\/sitio\/wp-json\/wp\/v2\/pages\/810"}],"collection":[{"href":"https:\/\/institutoemignone-bue.infd.edu.ar\/sitio\/wp-json\/wp\/v2\/pages"}],"about":[{"href":"https:\/\/institutoemignone-bue.infd.edu.ar\/sitio\/wp-json\/wp\/v2\/types\/page"}],"author":[{"embeddable":true,"href":"https:\/\/institutoemignone-bue.infd.edu.ar\/sitio\/wp-json\/wp\/v2\/users\/1417"}],"replies":[{"embeddable":true,"href":"https:\/\/institutoemignone-bue.infd.edu.ar\/sitio\/wp-json\/wp\/v2\/comments?post=810"}],"version-history":[{"count":13,"href":"https:\/\/institutoemignone-bue.infd.edu.ar\/sitio\/wp-json\/wp\/v2\/pages\/810\/revisions"}],"predecessor-version":[{"id":2358,"href":"https:\/\/institutoemignone-bue.infd.edu.ar\/sitio\/wp-json\/wp\/v2\/pages\/810\/revisions\/2358"}],"wp:attachment":[{"href":"https:\/\/institutoemignone-bue.infd.edu.ar\/sitio\/wp-json\/wp\/v2\/media?parent=810"}],"curies":[{"name":"wp","href":"https:\/\/api.w.org\/{rel}","templated":true}]}}